{"id":165,"date":"2024-11-01T17:46:06","date_gmt":"2024-11-01T17:46:06","guid":{"rendered":"https:\/\/ementaqr.pt\/ajuda\/?post_type=docs&#038;p=165"},"modified":"2024-11-01T17:50:12","modified_gmt":"2024-11-01T17:50:12","password":"","slug":"modo-escuro-da-ementa-como-funciona","status":"publish","type":"docs","link":"https:\/\/ementaqr.pt\/ajuda\/docs\/modo-escuro-da-ementa-como-funciona\/","title":{"rendered":"Modo Escuro da Ementa &#8211; Como funciona?"},"content":{"rendered":"\n<p>No <strong>EmentaQR.pt<\/strong>, pode ativar o modo escuro de forma pr\u00e1tica. Basta clicar no bot\u00e3o localizado \u00e0 direita da p\u00e1gina para alternar para uma interface de tons mais escuros, oferecendo uma experi\u00eancia visual agrad\u00e1vel e moderna.<\/p>\n\n\n\n<figure class=\"wp-block-video\"><video height=\"880\" style=\"aspect-ratio: 1538 \/ 880;\" width=\"1538\" controls src=\"https:\/\/ementaqr.pt\/ajuda\/wp-content\/uploads\/2024\/11\/ee64cf94-af53-44a8-b4a9-dca486ef05b1.webm\"><\/video><\/figure>\n\n\n\n<p>No backend do <strong>EmentaQR.pt<\/strong>, o operador ou propriet\u00e1rio tamb\u00e9m tem a op\u00e7\u00e3o de ativar o modo escuro. Com um simples clique no bot\u00e3o dedicado, pode personalizar a interface para uma experi\u00eancia de gest\u00e3o mais confort\u00e1vel, especialmente em ambientes com pouca luz, conforme ilustrado na imagem abaixo.<\/p>\n\n\n\n<figure data-wp-context=\"{&quot;imageId&quot;:&quot;69f2a7c2793de&quot;}\" data-wp-interactive=\"core\/image\" data-wp-key=\"69f2a7c2793de\" class=\"wp-block-image size-large wp-lightbox-container\"><img fetchpriority=\"high\" decoding=\"async\" width=\"960\" height=\"1024\" data-wp-class--hide=\"state.isContentHidden\" data-wp-class--show=\"state.isContentVisible\" data-wp-init=\"callbacks.setButtonStyles\" data-wp-on--click=\"actions.showLightbox\" data-wp-on--load=\"callbacks.setButtonStyles\" data-wp-on-window--resize=\"callbacks.setButtonStyles\" src=\"https:\/\/ementaqr.pt\/ajuda\/wp-content\/uploads\/2024\/11\/35de7593-43b5-4ffc-a44c-4f7e29c5b8ec-960x1024.png\" alt=\"\" class=\"wp-image-168\" srcset=\"https:\/\/ementaqr.pt\/ajuda\/wp-content\/uploads\/2024\/11\/35de7593-43b5-4ffc-a44c-4f7e29c5b8ec-960x1024.png 960w, https:\/\/ementaqr.pt\/ajuda\/wp-content\/uploads\/2024\/11\/35de7593-43b5-4ffc-a44c-4f7e29c5b8ec-281x300.png 281w, https:\/\/ementaqr.pt\/ajuda\/wp-content\/uploads\/2024\/11\/35de7593-43b5-4ffc-a44c-4f7e29c5b8ec-768x819.png 768w, https:\/\/ementaqr.pt\/ajuda\/wp-content\/uploads\/2024\/11\/35de7593-43b5-4ffc-a44c-4f7e29c5b8ec-1441x1536.png 1441w, https:\/\/ementaqr.pt\/ajuda\/wp-content\/uploads\/2024\/11\/35de7593-43b5-4ffc-a44c-4f7e29c5b8ec-360x384.png 360w, https:\/\/ementaqr.pt\/ajuda\/wp-content\/uploads\/2024\/11\/35de7593-43b5-4ffc-a44c-4f7e29c5b8ec.png 1539w\" sizes=\"(max-width: 960px) 100vw, 960px\" \/><button\n\t\t\tclass=\"lightbox-trigger\"\n\t\t\ttype=\"button\"\n\t\t\taria-haspopup=\"dialog\"\n\t\t\taria-label=\"Ampliar\"\n\t\t\tdata-wp-init=\"callbacks.initTriggerButton\"\n\t\t\tdata-wp-on--click=\"actions.showLightbox\"\n\t\t\tdata-wp-style--right=\"state.imageButtonRight\"\n\t\t\tdata-wp-style--top=\"state.imageButtonTop\"\n\t\t>\n\t\t\t<svg xmlns=\"http:\/\/www.w3.org\/2000\/svg\" width=\"12\" height=\"12\" fill=\"none\" viewBox=\"0 0 12 12\">\n\t\t\t\t<path fill=\"#fff\" d=\"M2 0a2 2 0 0 0-2 2v2h1.5V2a.5.5 0 0 1 .5-.5h2V0H2Zm2 10.5H2a.5.5 0 0 1-.5-.5V8H0v2a2 2 0 0 0 2 2h2v-1.5ZM8 12v-1.5h2a.5.5 0 0 0 .5-.5V8H12v2a2 2 0 0 1-2 2H8Zm2-12a2 2 0 0 1 2 2v2h-1.5V2a.5.5 0 0 0-.5-.5H8V0h2Z\" \/>\n\t\t\t<\/svg>\n\t\t<\/button><\/figure>\n","protected":false},"excerpt":{"rendered":"<p>No EmentaQR.pt, pode ativar o modo escuro de forma pr\u00e1tica. Basta clicar no bot\u00e3o localizado \u00e0 direita da p\u00e1gina para alternar para uma interface de tons mais escuros, oferecendo uma experi\u00eancia visual agrad\u00e1vel e moderna. No backend do EmentaQR.pt, o operador ou propriet\u00e1rio tamb\u00e9m tem a op\u00e7\u00e3o de ativar o modo escuro. Com um simples &#8230; <a title=\"Modo Escuro da Ementa &#8211; Como funciona?\" class=\"read-more\" href=\"https:\/\/ementaqr.pt\/ajuda\/docs\/modo-escuro-da-ementa-como-funciona\/\" aria-label=\"Leia mais sobre Modo Escuro da Ementa &#8211; Como funciona?\">Ler mais<\/a><\/p>\n","protected":false},"author":1,"featured_media":0,"comment_status":"open","ping_status":"closed","template":"","meta":{"footnotes":""},"doc_category":[2],"doc_tag":[],"knowledge_base":[],"class_list":["post-165","docs","type-docs","status-publish","hentry","doc_category-construcao-da-ementa-digital"],"year_month":"2026-04","word_count":94,"total_views":"272","reactions":{"happy":"0","normal":"0","sad":"0"},"author_info":{"name":"admin","author_nicename":"panob","author_url":"https:\/\/ementaqr.pt\/ajuda\/author\/panob\/"},"doc_category_info":[{"term_name":"Constru\u00e7\u00e3o da Ementa Digital","term_url":"https:\/\/ementaqr.pt\/ajuda\/docs\/non-knowledgebase\/construcao-da-ementa-digital\/"}],"doc_tag_info":[],"knowledge_base_info":[],"knowledge_base_slug":[],"_links":{"self":[{"href":"https:\/\/ementaqr.pt\/ajuda\/wp-json\/wp\/v2\/docs\/165","targetHints":{"allow":["GET"]}}],"collection":[{"href":"https:\/\/ementaqr.pt\/ajuda\/wp-json\/wp\/v2\/docs"}],"about":[{"href":"https:\/\/ementaqr.pt\/ajuda\/wp-json\/wp\/v2\/types\/docs"}],"author":[{"embeddable":true,"href":"https:\/\/ementaqr.pt\/ajuda\/wp-json\/wp\/v2\/users\/1"}],"replies":[{"embeddable":true,"href":"https:\/\/ementaqr.pt\/ajuda\/wp-json\/wp\/v2\/comments?post=165"}],"version-history":[{"count":0,"href":"https:\/\/ementaqr.pt\/ajuda\/wp-json\/wp\/v2\/docs\/165\/revisions"}],"wp:attachment":[{"href":"https:\/\/ementaqr.pt\/ajuda\/wp-json\/wp\/v2\/media?parent=165"}],"wp:term":[{"taxonomy":"doc_category","embeddable":true,"href":"https:\/\/ementaqr.pt\/ajuda\/wp-json\/wp\/v2\/doc_category?post=165"},{"taxonomy":"doc_tag","embeddable":true,"href":"https:\/\/ementaqr.pt\/ajuda\/wp-json\/wp\/v2\/doc_tag?post=165"},{"taxonomy":"knowledge_base","embeddable":true,"href":"https:\/\/ementaqr.pt\/ajuda\/wp-json\/wp\/v2\/knowledge_base?post=165"}],"curies":[{"name":"wp","href":"https:\/\/api.w.org\/{rel}","templated":true}]}}